{"id":15140,"date":"2025-02-22T17:57:46","date_gmt":"2025-02-22T15:57:46","guid":{"rendered":"https:\/\/inanna.events\/?post_type=montoya_portfolio&#038;p=15140"},"modified":"2025-09-27T18:53:49","modified_gmt":"2025-09-27T16:53:49","slug":"disparando-a-3","status":"publish","type":"montoya_portfolio","link":"https:\/\/inanna.events\/es\/projects\/disparando-a-3\/","title":{"rendered":"San Remo 2025"},"content":{"rendered":"\t\t<div data-elementor-type=\"wp-post\" data-elementor-id=\"15140\" class=\"elementor elementor-15140 elementor-15137\">\n\t\t\t\t<div class=\"content-row-elementor elementor-element elementor-element-6ac64d9 row_padding_top_elementor light-section row_padding_bottom_elementor inherit-header-color full_elementor row_padding_left_elementor row_padding_right_elementor e-flex e-con-boxed e-con e-parent\" data-id=\"6ac64d9\" data-element_type=\"container\" data-e-type=\"container\" data-settings=\"{&quot;background_background&quot;:&quot;classic&quot;}\">\n\t\t\t\t\t<div class=\"e-con-inner\">\n\t\t<div class=\"content-row-elementor elementor-element elementor-element-817f7a6 e-con-full dark-section inherit-header-color full_elementor row_padding_left_elementor row_padding_right_elementor e-flex e-con e-child\" data-id=\"817f7a6\" data-element_type=\"container\" data-e-type=\"container\">\n\t\t\t\t<\/div>\n\t\t<div class=\"content-row-elementor elementor-element elementor-element-c6d3b05 e-con-full row_padding_bottom_elementor dark-section inherit-header-color full_elementor row_padding_left_elementor row_padding_right_elementor e-flex e-con e-child\" data-id=\"c6d3b05\" data-element_type=\"container\" data-e-type=\"container\">\n\t\t\t\t<div class=\"elementor-element elementor-element-00099c2 text-align-left elementor-widget elementor-widget-montoya_heading\" data-id=\"00099c2\" data-element_type=\"widget\" data-e-type=\"widget\" data-widget_type=\"montoya_heading.default\">\n\t\t\t\t<div class=\"elementor-widget-container\">\n\t\t\t\t\t<h2 class=\"primary-font-title has-mask-fill\">El escenario<\/h2>\t\t\t\t<\/div>\n\t\t\t\t<\/div>\n\t\t\t\t<div class=\"elementor-element elementor-element-88140f3 elementor-widget elementor-widget-text-editor\" data-id=\"88140f3\" data-element_type=\"widget\" data-e-type=\"widget\" data-widget_type=\"text-editor.default\">\n\t\t\t\t<div class=\"elementor-widget-container\">\n\t\t\t\t\t\t\t\t\t<p data-pm-slice=\"1 1 []\"><a href=\"https:\/\/www.rai.it\/programmi\/sanremo\/\" target=\"_blank\" rel=\"noopener\">Sanremo<\/a> no es s\u00f3lo un festival de m\u00fasica, sino un fen\u00f3meno cultural que abarca generaciones y disciplinas art\u00edsticas. Su magia se extiende mucho m\u00e1s all\u00e1 del escenario<a href=\"https:\/\/aristonsanremo.com\/\" target=\"_blank\" rel=\"noopener\">Ariston<\/a>, influyendo en el mundo de la m\u00fasica, el arte y el espect\u00e1culo. Cada a\u00f1o, la ciudad se convierte en un escaparate resplandeciente, un lugar donde confluyen creatividad y visibilidad. Entre notas, colores y focos, es aqu\u00ed donde nacen nuevas inspiraciones, y es aqu\u00ed donde cada evento se convierte en una oportunidad para contar su propia historia, a trav\u00e9s de formas de expresi\u00f3n \u00fanicas y originales.   <\/p>\t\t\t\t\t\t\t\t<\/div>\n\t\t\t\t<\/div>\n\t\t\t\t<\/div>\n\t\t\t\t\t<\/div>\n\t\t\t\t<\/div>\n\t\t<div class=\"content-row-elementor elementor-element elementor-element-9d42f56 full_elementor change-header-color light-section row_padding_bottom_elementor e-flex e-con-boxed e-con e-parent\" data-id=\"9d42f56\" data-element_type=\"container\" data-e-type=\"container\" data-settings=\"{&quot;background_background&quot;:&quot;classic&quot;}\">\n\t\t\t\t\t<div class=\"e-con-inner\">\n\t\t<div class=\"content-row-elementor elementor-element elementor-element-8f43006 e-con-full dark-section inherit-header-color full_elementor row_padding_left_elementor row_padding_right_elementor e-flex e-con e-child\" data-id=\"8f43006\" data-element_type=\"container\" data-e-type=\"container\">\n\t\t\t\t<div class=\"elementor-element elementor-element-9468dbf elementor-widget elementor-widget-montoya_image_popup\" data-id=\"9468dbf\" data-element_type=\"widget\" data-e-type=\"widget\" data-widget_type=\"montoya_image_popup.default\">\n\t\t\t\t<div class=\"elementor-widget-container\">\n\t\t\t\t\t<div class=\"vertical-parallax\" data-startparallax=\"0.0\" data-endparallax=\"0.4\"><figure class=\"\"><a href=\"https:\/\/inanna.events\/wp-content\/smush-webp\/2025\/02\/img_0236.jpg.webp\" class=\"image-link\"><img decoding=\"async\" src=\"https:\/\/inanna.events\/wp-content\/smush-webp\/2025\/02\/img_0236.jpg.webp\" alt=\"Sanremo 2025 | Inanna Events @ Victory Morgana\"><\/a><figcaption><\/figcaption><\/figure><\/div>\t\t\t\t<\/div>\n\t\t\t\t<\/div>\n\t\t\t\t<\/div>\n\t\t<div class=\"content-row-elementor elementor-element elementor-element-0605ec2 e-con-full dark-section inherit-header-color full_elementor row_padding_left_elementor row_padding_right_elementor e-flex e-con e-child\" data-id=\"0605ec2\" data-element_type=\"container\" data-e-type=\"container\">\n\t\t\t\t<div class=\"elementor-element elementor-element-8e12035 elementor-widget elementor-widget-montoya_image_popup\" data-id=\"8e12035\" data-element_type=\"widget\" data-e-type=\"widget\" data-widget_type=\"montoya_image_popup.default\">\n\t\t\t\t<div class=\"elementor-widget-container\">\n\t\t\t\t\t<div class=\"vertical-parallax\" data-startparallax=\"0.0\" data-endparallax=\"0.15\"><figure class=\"\"><a href=\"https:\/\/inanna.events\/wp-content\/uploads\/2025\/02\/2025-02-13-sanremo-001-2-1.jpg\" class=\"image-link\"><img decoding=\"async\" src=\"https:\/\/inanna.events\/wp-content\/uploads\/2025\/02\/2025-02-13-sanremo-001-2-1.jpg\" alt=\"Sanremo 2025 | Inanna Events @ Victory Morgana\"><\/a><figcaption><\/figcaption><\/figure><\/div>\t\t\t\t<\/div>\n\t\t\t\t<\/div>\n\t\t\t\t<\/div>\n\t\t\t\t\t<\/div>\n\t\t\t\t<\/div>\n\t\t<div class=\"content-row-elementor elementor-element elementor-element-bed6a48 light-section change-header-color row_padding_bottom_elementor full_elementor row_padding_left_elementor row_padding_right_elementor e-flex e-con-boxed e-con e-parent\" data-id=\"bed6a48\" data-element_type=\"container\" data-e-type=\"container\" data-settings=\"{&quot;background_background&quot;:&quot;classic&quot;}\">\n\t\t\t\t\t<div class=\"e-con-inner\">\n\t\t<div class=\"content-row-elementor elementor-element elementor-element-1cf3aad e-con-full dark-section inherit-header-color full_elementor row_padding_left_elementor row_padding_right_elementor e-flex e-con e-child\" data-id=\"1cf3aad\" data-element_type=\"container\" data-e-type=\"container\">\n\t\t\t\t<div class=\"elementor-element elementor-element-fe3a735 text-align-left elementor-widget elementor-widget-montoya_heading\" data-id=\"fe3a735\" data-element_type=\"widget\" data-e-type=\"widget\" data-widget_type=\"montoya_heading.default\">\n\t\t\t\t<div class=\"elementor-widget-container\">\n\t\t\t\t\t<h2 class=\"primary-font-title has-mask-fill\">Armon\u00eda creativa<\/h2>\t\t\t\t<\/div>\n\t\t\t\t<\/div>\n\t\t\t\t<div class=\"elementor-element elementor-element-51bee58 elementor-widget__width-initial elementor-widget elementor-widget-text-editor\" data-id=\"51bee58\" data-element_type=\"widget\" data-e-type=\"widget\" data-widget_type=\"text-editor.default\">\n\t\t\t\t<div class=\"elementor-widget-container\">\n\t\t\t\t\t\t\t\t\t<p class=\"p1\">Sanremo 2025 | El Arreglo Floral para la <a href=\"https:\/\/www.victorymorganabay.it\/\" target=\"_blank\" rel=\"noopener\">Victoria Morgana<\/a> se dise\u00f1\u00f3 para sumergir a los invitados en una atm\u00f3sfera refinada y sofisticada, en armon\u00eda con las tendencias del arte floral.<\/p><p class=\"p1\">Cada detalle se dise\u00f1\u00f3 para maximizar el contexto y crear una experiencia visual integrada y atractiva. De un simple escenario para la noche, nuestro montaje se ha convertido as\u00ed en un punto de encuentro elegante y sofisticado. <\/p>\t\t\t\t\t\t\t\t<\/div>\n\t\t\t\t<\/div>\n\t\t\t\t<\/div>\n\t\t<div class=\"content-row-elementor elementor-element elementor-element-4ea483d e-con-full dark-section inherit-header-color full_elementor row_padding_left_elementor row_padding_right_elementor e-flex e-con e-child\" data-id=\"4ea483d\" data-element_type=\"container\" data-e-type=\"container\">\n\t\t\t\t<\/div>\n\t\t\t\t\t<\/div>\n\t\t\t\t<\/div>\n\t\t<div class=\"content-row-elementor elementor-element elementor-element-3335c31 full_elementor e-con-full dark-section inherit-header-color e-flex e-con e-parent\" data-id=\"3335c31\" data-element_type=\"container\" data-e-type=\"container\" data-settings=\"{&quot;background_background&quot;:&quot;classic&quot;}\">\n\t\t\t\t<div class=\"elementor-element elementor-element-febb14a content-max-width text-align-center elementor-widget elementor-widget-montoya_image_parallax\" data-id=\"febb14a\" data-element_type=\"widget\" data-e-type=\"widget\" data-widget_type=\"montoya_image_parallax.default\">\n\t\t\t\t<div class=\"elementor-widget-container\">\n\t\t\t\t\t<figure class=\"has-parallax has-parallax-content has-animation\" data-delay=\"0\"><img decoding=\"async\" src=\"https:\/\/inanna.events\/wp-content\/smush-webp\/2025\/02\/img_4837-migliorato-nr.jpg.webp\" alt=\"Sanremo 2025 | Inanna Events @ Victory Morgana\"><div class=\"parallax-image-content content-max-width text-align-center\"><div class=\"outer\"><div class=\"inner\"><\/div><\/div><\/div><\/figure>\t\t\t\t<\/div>\n\t\t\t\t<\/div>\n\t\t\t\t<\/div>\n\t\t<div class=\"content-row-elementor elementor-element elementor-element-87f337d light-section row_padding_top_elementor change-header-color row_padding_bottom_elementor full_elementor row_padding_left_elementor row_padding_right_elementor e-flex e-con-boxed e-con e-parent\" data-id=\"87f337d\" data-element_type=\"container\" data-e-type=\"container\" data-settings=\"{&quot;background_background&quot;:&quot;classic&quot;}\">\n\t\t\t\t\t<div class=\"e-con-inner\">\n\t\t<div class=\"content-row-elementor elementor-element elementor-element-58b27df e-con-full dark-section inherit-header-color full_elementor row_padding_left_elementor row_padding_right_elementor e-flex e-con e-child\" data-id=\"58b27df\" data-element_type=\"container\" data-e-type=\"container\">\n\t\t\t\t<div class=\"elementor-element elementor-element-03ac091 text-align-left elementor-widget elementor-widget-montoya_heading\" data-id=\"03ac091\" data-element_type=\"widget\" data-e-type=\"widget\" data-widget_type=\"montoya_heading.default\">\n\t\t\t\t<div class=\"elementor-widget-container\">\n\t\t\t\t\t<h2 class=\"primary-font-title has-mask-fill has-animation\" data-delay=\"0\">Un relato evocador<\/h2>\t\t\t\t<\/div>\n\t\t\t\t<\/div>\n\t\t\t\t<div class=\"elementor-element elementor-element-bc69107 elementor-widget__width-initial elementor-widget elementor-widget-text-editor\" data-id=\"bc69107\" data-element_type=\"widget\" data-e-type=\"widget\" data-widget_type=\"text-editor.default\">\n\t\t\t\t<div class=\"elementor-widget-container\">\n\t\t\t\t\t\t\t\t\t<p class=\"p1\">El escenario no era s\u00f3lo un decorado, sino un punto de llegada. La gente llegaba, miraba a su alrededor, sent\u00eda algo sin saber muy bien qu\u00e9. Un juego de luces, formas y detalles dise\u00f1ado para decir sin necesidad de palabras. La atm\u00f3sfera hizo el resto.   <\/p><p class=\"p1\">No hac\u00eda falta nada m\u00e1s. Bastaba con estar all\u00ed. <\/p>\t\t\t\t\t\t\t\t<\/div>\n\t\t\t\t<\/div>\n\t\t\t\t<\/div>\n\t\t<div class=\"content-row-elementor elementor-element elementor-element-37ec347 e-con-full dark-section inherit-header-color full_elementor row_padding_left_elementor row_padding_right_elementor e-flex e-con e-child\" data-id=\"37ec347\" data-element_type=\"container\" data-e-type=\"container\">\n\t\t\t\t<\/div>\n\t\t\t\t\t<\/div>\n\t\t\t\t<\/div>\n\t\t<div class=\"content-row-elementor elementor-element elementor-element-8f9b676 dark-section inherit-header-color full_elementor row_padding_left_elementor row_padding_right_elementor e-flex e-con-boxed e-con e-parent\" data-id=\"8f9b676\" data-element_type=\"container\" data-e-type=\"container\">\n\t\t\t\t\t<div class=\"e-con-inner\">\n\t\t\t\t<div class=\"elementor-element elementor-element-11a6004 elementor-widget elementor-widget-montoya_scrolling_panels_gallery\" data-id=\"11a6004\" data-element_type=\"widget\" data-e-type=\"widget\" data-widget_type=\"montoya_scrolling_panels_gallery.default\">\n\t\t\t\t<div class=\"elementor-widget-container\">\n\t\t\t\t\t<div class=\"panels\" data-widthratio=\"0.8\"><div class=\"panels-container\"><div class=\"panel\"><img decoding=\"async\" src=\"https:\/\/inanna.events\/wp-content\/smush-webp\/2025\/02\/2025-02-13-sanremo-093.jpg.webp\" alt=\"\" \/><\/div><div class=\"panel\"><img decoding=\"async\" src=\"https:\/\/inanna.events\/wp-content\/smush-webp\/2025\/02\/2025-02-13-sanremo-045.jpg.webp\" alt=\"\" \/><\/div><div class=\"panel\"><img decoding=\"async\" src=\"https:\/\/inanna.events\/wp-content\/smush-webp\/2025\/02\/2025-02-13-sanremo-058.jpg.webp\" alt=\"\" \/><\/div><div class=\"panel\"><img decoding=\"async\" src=\"https:\/\/inanna.events\/wp-content\/uploads\/2025\/02\/2025-02-13-sanremo-030.jpg\" alt=\"\" \/><\/div><div class=\"panel\"><img decoding=\"async\" src=\"https:\/\/inanna.events\/wp-content\/uploads\/2025\/02\/2025-02-13-sanremo-053.jpg\" alt=\"\" \/><\/div><div class=\"panel\"><img decoding=\"async\" src=\"https:\/\/inanna.events\/wp-content\/smush-webp\/2025\/02\/2025-02-13-sanremo-061.jpg.webp\" alt=\"\" \/><\/div><div class=\"panel\"><img decoding=\"async\" src=\"https:\/\/inanna.events\/wp-content\/uploads\/2025\/02\/2025-02-13-sanremo-065.jpg\" alt=\"\" \/><\/div><div class=\"panel\"><img decoding=\"async\" src=\"https:\/\/inanna.events\/wp-content\/smush-webp\/2025\/02\/2025-02-13-sanremo-079.jpg.webp\" alt=\"\" \/><\/div><div class=\"panel\"><img decoding=\"async\" src=\"https:\/\/inanna.events\/wp-content\/smush-webp\/2025\/02\/2025-02-13-sanremo-075.jpg.webp\" alt=\"\" \/><\/div><div class=\"panel\"><img decoding=\"async\" src=\"https:\/\/inanna.events\/wp-content\/uploads\/2025\/02\/2025-02-13-sanremo-084.jpg\" alt=\"\" \/><\/div><div class=\"panel\"><img decoding=\"async\" src=\"https:\/\/inanna.events\/wp-content\/smush-webp\/2025\/02\/2025-02-13-sanremo-029-1.jpg.webp\" alt=\"\" \/><\/div><div class=\"panel\"><img decoding=\"async\" src=\"https:\/\/inanna.events\/wp-content\/uploads\/2025\/02\/2025-02-13-sanremo-018.jpg\" alt=\"\" \/><\/div><div class=\"panel\"><img decoding=\"async\" src=\"https:\/\/inanna.events\/wp-content\/smush-webp\/2025\/02\/2025-02-13-sanremo-071.jpg.webp\" alt=\"\" \/><\/div><div class=\"panel\"><img decoding=\"async\" src=\"https:\/\/inanna.events\/wp-content\/smush-webp\/2025\/02\/2025-02-13-sanremo-109.jpg.webp\" alt=\"\" \/><\/div><div class=\"panel\"><img decoding=\"async\" src=\"https:\/\/inanna.events\/wp-content\/smush-webp\/2025\/02\/2025-02-13-sanremo-047.jpg.webp\" alt=\"\" \/><\/div><div class=\"panel\"><img decoding=\"async\" src=\"https:\/\/inanna.events\/wp-content\/smush-webp\/2025\/02\/2025-02-13-sanremo-048.jpg.webp\" alt=\"\" \/><\/div><\/div><\/div>\t\t\t\t<\/div>\n\t\t\t\t<\/div>\n\t\t\t\t\t<\/div>\n\t\t\t\t<\/div>\n\t\t\t\t<\/div>\n\t\t","protected":false},"featured_media":15242,"template":"","portfolio_category":[93,206,207,208],"class_list":["post-15140","montoya_portfolio","type-montoya_portfolio","status-publish","has-post-thumbnail","hentry","portfolio_category-foto","portfolio_category-gestion-es","portfolio_category-inicio","portfolio_category-video-es"],"_links":{"self":[{"href":"https:\/\/inanna.events\/es\/wp-json\/wp\/v2\/montoya_portfolio\/15140","targetHints":{"allow":["GET"]}}],"collection":[{"href":"https:\/\/inanna.events\/es\/wp-json\/wp\/v2\/montoya_portfolio"}],"about":[{"href":"https:\/\/inanna.events\/es\/wp-json\/wp\/v2\/types\/montoya_portfolio"}],"version-history":[{"count":6,"href":"https:\/\/inanna.events\/es\/wp-json\/wp\/v2\/montoya_portfolio\/15140\/revisions"}],"predecessor-version":[{"id":16957,"href":"https:\/\/inanna.events\/es\/wp-json\/wp\/v2\/montoya_portfolio\/15140\/revisions\/16957"}],"wp:featuredmedia":[{"embeddable":true,"href":"https:\/\/inanna.events\/es\/wp-json\/wp\/v2\/media\/15242"}],"wp:attachment":[{"href":"https:\/\/inanna.events\/es\/wp-json\/wp\/v2\/media?parent=15140"}],"wp:term":[{"taxonomy":"portfolio_category","embeddable":true,"href":"https:\/\/inanna.events\/es\/wp-json\/wp\/v2\/portfolio_category?post=15140"}],"curies":[{"name":"wp","href":"https:\/\/api.w.org\/{rel}","templated":true}]}}